{"id":24,"date":"2016-07-18T00:39:07","date_gmt":"2016-07-18T00:39:07","guid":{"rendered":"http:\/\/sw-themes.com\/porto_dummy\/?page_id=24"},"modified":"2021-08-31T12:00:47","modified_gmt":"2021-08-31T09:00:47","slug":"kurumsal","status":"publish","type":"page","link":"https:\/\/yn.com.tr\/index.php\/kurumsal\/","title":{"rendered":"Kurumsal"},"content":{"rendered":"<p>[vc_row el_id=&#8221;who-we-are&#8221; el_class=&#8221;m-t-n-md p-t-md&#8221;][vc_column][vc_gallery type=&#8221;nivo&#8221; interval=&#8221;3&#8243; source=&#8221;external_link&#8221; external_img_size=&#8221;1140&#215;430&#8243; onclick=&#8221;&#8221; custom_srcs=&#8221;#E-8_aHR0cHMlM0ElMkYlMkZ3d3cucG9ydG90aGVtZS5jb20lMkZ3b3JkcHJlc3MlMkZwb3J0byUyRndwLWNvbnRlbnQlMkZ1cGxvYWRzJTJGaW1hZ2VzJTJGc2xpZGUtY29uc3RydWN0aW9uLXNtYWxsLTEuanBnJTJDaHR0cHMlM0ElMkYlMkZ3d3cucG9ydG90aGVtZS5jb20lMkZ3b3JkcHJlc3MlMkZwb3J0byUyRndwLWNvbnRlbnQlMkZ1cGxvYWRzJTJGaW1hZ2VzJTJGc2xpZGUtY29uc3RydWN0aW9uLXNtYWxsLTIuanBnJTJDaHR0cHMlM0ElMkYlMkZ3d3cucG9ydG90aGVtZS5jb20lMkZ3b3JkcHJlc3MlMkZwb3J0byUyRndwLWNvbnRlbnQlMkZ1cGxvYWRzJTJGaW1hZ2VzJTJGc2xpZGUtY29uc3RydWN0aW9uLXNtYWxsLTMuanBnJTJDaHR0cHMlM0ElMkYlMkZ3d3cucG9ydG90aGVtZS5jb20lMkZ3b3JkcHJlc3MlMkZwb3J0byUyRndwLWNvbnRlbnQlMkZ1cGxvYWRzJTJGaW1hZ2VzJTJGc2xpZGUtY29uc3RydWN0aW9uLXNtYWxsLTQuanBn&#8221; el_class=&#8221;nav-right mb-1&#8243;][vc_custom_heading text=&#8221;HAKKIMIZDA&#8221; use_theme_fonts=&#8221;yes&#8221; el_class=&#8221;m-b-md&#8221;][vc_column_text]Y\u00f6netim dan\u0131\u015fmanl\u0131\u011f\u0131, in\u015faat sekt\u00f6r\u00fcnde ya\u015fanabilir mekanlar ba\u011flam\u0131nda giderek \u00f6nem kazanmaktad\u0131r. <strong>YN PROJE YAPI A.\u015e.<\/strong> de yat\u0131r\u0131m alan\u0131nda hem proje geli\u015ftirme hem de y\u00f6netim ve teknik m\u00fc\u015favirlik yapmak \u00fczere faaliyet g\u00f6steren bir firmad\u0131r.<\/p>\n<p>\u201c<strong>YN PROJE YAPI A.\u015e.<\/strong> h\u0131zla de\u011fi\u015fen mekan ve insan ili\u015fkilerinin ya\u015fand\u0131\u011f\u0131, yeni teknolojilerin s\u00fcrekli eklemlendi\u011fi g\u00fcn\u00fcm\u00fcz d\u00fcnyas\u0131nda, \u00e7a\u011f\u0131m\u0131z\u0131n in\u015faat yap\u0131m tekni\u011fi olan m\u00fc\u015favirli\u011fi g\u00fc\u00e7l\u00fc \u00e7\u00f6z\u00fcm ortakl\u0131lar\u0131 ile ger\u00e7ekle\u015ftirmektedir.<\/p>\n<p>Bir tak\u0131m ruhu i\u00e7erisinde \u00e7al\u0131\u015fan ve proje ve in\u015faat s\u00fcrecini y\u00f6neten mimari, statik, elektrik, mekanik ekiplerimiz; yat\u0131r\u0131mc\u0131n\u0131n ihtiya\u00e7 ve beklentilerini en iyi \u015fekilde kar\u015f\u0131layan, uluslararas\u0131 standartlarda, g\u00fcn\u00fcm\u00fcz teknolojisi ile b\u00fct\u00fcnle\u015fen, zaman, ekonomi, estetik ve fonksiyonel \u00e7\u00f6z\u00fcmlerle hizmet vermektedir.<\/p>\n<p>Mimaride oldu\u011fu gibi, modern \u00e7a\u011f\u0131n estetik anlay\u0131\u015f\u0131n\u0131 m\u00fchendislik proje ve uygulamalar\u0131na da yans\u0131tarak, estetik ile m\u00fchendislik tasar\u0131m ilkelerini entegre etmektedir.<\/p>\n<p>\u201cDo\u011fru m\u00fchendislik hizmetinin yap\u0131n\u0131n bi\u00e7imlenmesindeki konfor ve kaliteyi artt\u0131rd\u0131\u011f\u0131\u201d konusunda iddial\u0131 bir firmad\u0131r. Uygulama ve kontroll\u00fck hizmetini, birikimli ve profesyonel kadrolar\u0131yla; yat\u0131r\u0131mc\u0131 ad\u0131na projenin ulusal ve uluslararas\u0131 y\u00f6netmelik, kalite standartlar\u0131na uygun olarak ger\u00e7ekle\u015ftirir. Hayallerin ger\u00e7e\u011fe d\u00f6n\u00fc\u015febildi\u011fini g\u00f6sterecek \u201cY\u00fcksek Nitelikte\u201d mekanlar i\u00e7in; ergonomi, konfor, kalite, \u00e7evre, teknoloji, s\u00fcre, b\u00fct\u00e7e gibi kriterleri dikkate alarak \u00e7al\u0131\u015f\u0131r.<\/p>\n<p>Hizmetlerini, taahh\u00fct etti\u011fi kalitede zaman\u0131nda tamamlamak en \u00f6nemli hassasiyetidir.<\/p>\n<p><strong>\u00a0YN PROJE YAPI A.\u015e.<\/strong>\u2019i sekt\u00f6rdeki di\u011fer taahh\u00fct firmalar\u0131ndan ay\u0131ran \u00f6nemli \u00f6zelliklerden biri de Design&amp;Build \u015feklinde yat\u0131r\u0131mc\u0131lara hizmet verebilmesidir.<\/p>\n<p>Yeni teknolojileri g\u00fcncel olarak takip eden, ara\u015ft\u0131ran deneyimli kadrosu ile yaln\u0131zca g\u00fcn\u00fcm\u00fcz\u00fcn de\u011fil, gelece\u011fin de yap\u0131sal anlay\u0131\u015f\u0131na uygun bir hizmet anlay\u0131\u015f\u0131nda, \u00f6zellikle konut, ofis, y\u00f6netim binalar\u0131, otel, fabrika proje ve uygulamalar\u0131nda deneyimli bir firmad\u0131r.[\/vc_column_text][vc_separator color=&#8221;custom&#8221; style=&#8221;solid&#8221; gap=&#8221;taller&#8221; accent_color=&#8221;#dbdbdb&#8221; el_class=&#8221;m-b-none&#8221;][\/vc_column][\/vc_row][vc_row el_id=&#8221;vizyon&#8221;][vc_column][vc_custom_heading text=&#8221;Vizyonumuz&#8221; use_theme_fonts=&#8221;yes&#8221; el_class=&#8221;m-t-xl&#8221;][vc_row_inner][vc_column_inner][vc_column_text]M\u00fchendislik ve tasar\u0131m beklentisi y\u00fcksek t\u00fcm i\u015flerde optimum \u00e7\u00f6z\u00fcm \u00fcretirken, fiyat\/performans kriterine g\u00f6re y\u00fcksek katma de\u011ferli i\u015fleri yurt i\u00e7i ve yurt d\u0131\u015f\u0131nda organize etmek.<\/p>\n<p>D\u00fcnya standartlar\u0131nda geli\u015fen in\u015faat teknolojilerini takip ederek g\u00fcvenilir ve kaliteli hizmetler sunarak in\u015faat sekt\u00f6r\u00fcnde m\u00fckemmeliyet \u00e7\u0131tas\u0131n\u0131 y\u00fckseltmek.<\/p>\n<p>Yenilik\u00e7i, en g\u00fcvenilir, en iyi ve teknolojiye uyumlu geli\u015fen dinamik bir firma olarak sekt\u00f6r\u00fcn \u00f6nde gelen firmalar\u0131ndan biri olmak.<\/p>\n<p>Yurt i\u00e7i ve yurt d\u0131\u015f\u0131nda \u00fclkemizin gurur kayna\u011f\u0131 firmalar\u0131n\u0131n ba\u015f\u0131n\u0131 \u00e7ekmek.[\/vc_column_text][\/vc_column_inner][\/vc_row_inner][vc_separator color=&#8221;custom&#8221; style=&#8221;solid&#8221; gap=&#8221;tall&#8221; accent_color=&#8221;#dbdbdb&#8221; el_class=&#8221;m-b-none&#8221;][\/vc_column][\/vc_row][vc_row el_id=&#8221;mission-vision&#8221;][vc_column][vc_row_inner][vc_column_inner animation_delay=&#8221;300&#8243; animation_type=&#8221;fadeInUp&#8221;][vc_custom_heading text=&#8221;Misyonumuz&#8221; use_theme_fonts=&#8221;yes&#8221; el_class=&#8221;m-t-xl&#8221;][vc_column_text]YN PROJE YAPI A\u015e olarak, s\u00fcrekli geli\u015fen in\u015faat teknolojilerine uygun yenilik\u00e7i ya\u015fam mekanlar\u0131n\u0131n \u00fcretim s\u00fcrecinde faaliyet g\u00f6stermek.<\/p>\n<p>Hizmetlerimizi s\u00f6z verilen kalitede, tam zaman\u0131nda ve \u00f6ng\u00f6r\u00fclen b\u00fct\u00e7e i\u00e7erisinde ger\u00e7ekle\u015ftirmek.<\/p>\n<p>M\u00fc\u015fteri beklentilerini kar\u015f\u0131layan hizmetlerle m\u00fc\u015fteri memnuniyetini \u00f6n planda tutmak.<\/p>\n<p>\u00dclkemiz ve d\u00fcnya i\u00e7in sa\u011flanacak maksimum fayda a\u00e7\u0131s\u0131ndan t\u00fcm \u00e7al\u0131\u015fmalar\u0131m\u0131zda ya\u015fam odakl\u0131 ve \u00e7evre de\u011ferlerimizin korunmas\u0131na y\u00f6nelik \u00e7\u00f6z\u00fcmlere \u00f6ncelik vermek.<\/p>\n<p>Proje ve uygulamalar\u0131m\u0131zla kaliteli hizmet bilinciyle topluma ve \u00fclke kalk\u0131nmas\u0131na faydal\u0131 olmak.<\/p>\n<p>\u0130htiya\u00e7 ve talepleri teknolojinin gerekleri ile entegre ederek, deneyimli profesyonellerden olu\u015fan; mimar, in\u015faat, mekanik, elektrik ve di\u011fer teknik m\u00fchendislik ekiplerimiz, farkl\u0131 uzmanl\u0131kta dan\u0131\u015fmanlar\u0131m\u0131zla bilime, \u00e7al\u0131\u015fan\u0131n\u0131n g\u00fcc\u00fcne ve bilgisine de\u011fer vererek \u00e7al\u0131\u015fmak.[\/vc_column_text][\/vc_column_inner][\/vc_row_inner][vc_separator color=&#8221;custom&#8221; style=&#8221;solid&#8221; gap=&#8221;taller&#8221; accent_color=&#8221;#dbdbdb&#8221; el_class=&#8221;m-b-none&#8221;][\/vc_column][\/vc_row][vc_row el_id=&#8221;kalite&#8221;][vc_column][vc_custom_heading text=&#8221;Kalite Politikam\u0131z&#8221; use_theme_fonts=&#8221;yes&#8221; el_class=&#8221;m-t-xl&#8221;][vc_column_text]Yeni nesil estetik anlay\u0131\u015f\u0131n\u0131 m\u00fchendislik proje ve uygulamalar\u0131na da yans\u0131tmay\u0131,<\/p>\n<p>Proje ve uyguma s\u00fcre\u00e7lerini do\u011fru y\u00f6neterek; en uygun, en do\u011fru ve en ekonomik \u00e7\u00f6z\u00fcmleri en h\u0131zl\u0131 bi\u00e7imde ger\u00e7ekle\u015ftirerek maksimum verimlili\u011fi sa\u011flamay\u0131,<\/p>\n<p>Design &amp; Build (anahtar teslim) uygulamalar\u0131 planlanan zamanda, planlanan b\u00fct\u00e7e ve kalitede uzman ekipler ile in\u015fa etmeyi,<\/p>\n<p>Topluma ve \u00e7evreye sayg\u0131l\u0131, ya\u015fam odakl\u0131 \u00e7al\u0131\u015fan \u00f6rnek bir firma olmay\u0131,<\/p>\n<p>\u0130\u015f hacmini, \u00fcr\u00fcn kalitesini ve t\u00fcm di\u011fer standartlar\u0131 geli\u015fen teknolojiye paralel y\u00fckselterek, \u00fclke ekonomisine katk\u0131da bulunmay\u0131,<\/p>\n<p>\u00c7evre ve i\u015f g\u00fcvenli\u011fi bilincini t\u00fcm ekiplerimizle her zaman sa\u011flamay\u0131,<\/p>\n<p>M\u00fc\u015fteri ve \u00e7al\u0131\u015fan memnuniyetini \u00f6ncelikli ilkemiz olarak g\u00f6rmeyi,<\/p>\n<p>Kalite Politikas\u0131 olarak belirlemi\u015f bulunuyoruz.[\/vc_column_text][\/vc_column][\/vc_row][vc_row el_id=&#8221;neden&#8221;][vc_column][vc_custom_heading text=&#8221;Neden YN?&#8221; use_theme_fonts=&#8221;yes&#8221; el_class=&#8221;m-t-xl&#8221;][vc_column_text]\u00c7\u00fcnk\u00fc, vizyonumuz ile in\u015faat s\u00fcrecini y\u00f6netmek ve m\u00fchendislik felsefemizi vurgulayan misyonumuzla da i\u015f hacmimizi ve kalite standartlar\u0131m\u0131z\u0131 s\u00fcrekli geli\u015ftirmek i\u00e7in uzun y\u0131llard\u0131r \u00e7abal\u0131yoruz.<\/p>\n<p>D\u00fcnyan\u0131n s\u00fcrekli de\u011fi\u015fen ihtiya\u00e7lar\u0131n\u0131n ve farkl\u0131 sekt\u00f6r gereksinimlerinin kar\u015f\u0131lanmas\u0131 i\u00e7in s\u00fcrekli yenilenmek ve 21. Y\u00fczy\u0131l de\u011fi\u015fimine uygun geli\u015fim g\u00f6stermek gerekti\u011finin fark\u0131nday\u0131z.<\/p>\n<p><strong>Yeni Nesil Mekanlar<\/strong><\/p>\n<p>Art\u0131k Yeni Nesil anlay\u0131\u015f ile gelece\u011fin ya\u015fam\u0131n\u0131 bi\u00e7imlendirmek ve bunu yaparken hayat\u0131 kolayla\u015ft\u0131ran, teknolojiyi kullanan, ancak \u00e7evreye duyarl\u0131 kaliteli tasar\u0131mlar\u0131n ve uygulamalar\u0131n yap\u0131lmas\u0131 gereken bir d\u00f6nemdeyiz.<\/p>\n<p>Ak\u0131ll\u0131 bina, ye\u015fil bina, \u00e7evre ve do\u011faya uyum, s\u00fcrd\u00fcr\u00fclebilirlik gibi ya\u015famsal kavramlar\u0131n \u00f6nemi ile farkl\u0131 uzmanlar\u0131n ve dan\u0131\u015fmanlar\u0131n i\u015fbirli\u011finde do\u011fru proje ve \u00fcretimler yapmaya devam edece\u011fiz.<\/p>\n<p><strong>Yeni Nesil Yap\u0131 S\u00fcreci Y\u00f6netimi<\/strong><\/p>\n<p>Yap\u0131 s\u00fcrecinde proje ve uygulama y\u00f6netiminin \u00e7ok \u00f6nemli oldu\u011fu bilinmektedir ve bu y\u00fczy\u0131lda, tasar\u0131m, proje, uygulama ve y\u00f6netim s\u00fcre\u00e7lerinde farkl\u0131 uzmanl\u0131k alanlar\u0131na duyulan ihtiya\u00e7 artm\u0131\u015ft\u0131r.<\/p>\n<p>YN Proje Yap\u0131 A.\u015e. olarak uluslararas\u0131 proje ve uygulama s\u00fcrecinde tecr\u00fcbeli, yenilik\u00e7i ve uzman teknik ekibimizle uzun y\u0131llara dayanan deneyimimiz \u00f6nc\u00fcl\u00fc\u011f\u00fcnde faaliyetlerimizi s\u00fcrd\u00fcrmek istiyoruz.<\/p>\n<p><strong>Yeni Nesil Estetik<\/strong><\/p>\n<p>Hem mimari hem de m\u00fchendislik proje ve uygulamalar\u0131nda esteti\u011fi ilke edinerek her zaman yenilik\u00e7i proje ve uygulamalar yaparak b\u00fcy\u00fcme ve geli\u015fme h\u0131z\u0131m\u0131z\u0131 artt\u0131rarak s\u00fcrd\u00fcrmeyi hedefliyoruz.<\/p>\n<p><strong>\u00a0Yeni Nesil \u00dcretim<\/strong><\/p>\n<p>Temeli verimlilik olan Yeni Nesil \u00fcretim kavram\u0131; imalat s\u00fcrecindeki t\u00fcm kaynaklar\u0131n ve teknolojinin kullan\u0131m\u0131na i\u015faret eder. \u0130sraf edilmeden, ak\u0131lc\u0131 kaynak kullan\u0131m\u0131 ve teknolojinin etkin kullan\u0131m\u0131 verimlili\u011fi art\u0131rmaya olanak sa\u011flar.<\/p>\n<p>Ulusal ve uluslararas\u0131 yap\u0131 \u00fcretim s\u00fcrecinde rekabet iddiam\u0131z\u0131 g\u00fc\u00e7l\u00fc k\u0131lmak i\u00e7in Yeni Nesil bir anlay\u0131\u015fla faaliyetlerimizi s\u00fcrd\u00fcrece\u011fiz.[\/vc_column_text][\/vc_column][\/vc_row][vc_row el_id=&#8221;nasil&#8221;][vc_column][vc_custom_heading text=&#8221;Nas\u0131l \u00c7al\u0131\u015f\u0131r\u0131z?&#8221; use_theme_fonts=&#8221;yes&#8221; el_class=&#8221;m-t-xl&#8221;][vc_column_text]Proje, m\u00fchendislik, in\u015faat ve m\u00fc\u015favirlik hizmetleri yapan YN Proje Yap\u0131 A.\u015e. olarak, uzun y\u0131llara dayanan deneyimlerimizi, teknik uzmanl\u0131\u011f\u0131m\u0131zla birle\u015ftirerek m\u00fc\u015fterilerimize ilham verici \u00e7\u00f6z\u00fcmler sunuyoruz.<\/p>\n<p>Yeni Nesil hizmetler hedefiyle yola \u00e7\u0131kan firmam\u0131z, \u00a0proje ve uygulama s\u00fcre\u00e7lerini; tecr\u00fcbeli mimar, m\u00fchendis, uzmanlar ve dan\u0131\u015fmanlardan olu\u015fan \u00e7e\u015fitli disiplinleri bir araya getirerek y\u00fcr\u00fctmektedir.<\/p>\n<p>Hizmetlerimizle i\u015fverenlerimizin en nitelikli kaynaklara, en h\u0131zl\u0131 \u015fekilde, en uygun b\u00fct\u00e7ede ula\u015fmalar\u0131n\u0131 ama\u00e7l\u0131yoruz.<\/p>\n<p>De\u011fi\u015fen ve geli\u015fen yenilikleri takip ediyor, global \u00e7al\u0131\u015fmalar yaparak, en yeni teknolojilerle yeni nesil projelerin tasarlanmas\u0131, uygulanmas\u0131 ve y\u00f6netilmesi i\u00e7in \u00e7al\u0131\u015f\u0131yor ve sekt\u00f6rde \u00f6nc\u00fc olmay\u0131 ama\u00e7l\u0131yoruz.[\/vc_column_text][\/vc_column][\/vc_row]<\/p>\n","protected":false},"excerpt":{"rendered":"<p>[vc_row el_id=&#8221;who-we-are&#8221; el_class=&#8221;m-t-n-md p-t-md&#8221;][vc_column][vc_gallery type=&#8221;nivo&#8221; interval=&#8221;3&#8243; source=&#8221;external_link&#8221; external_img_size=&#8221;1140&#215;430&#8243; onclick=&#8221;&#8221; custom_srcs=&#8221;#E-8_aHR0cHMlM0ElMkYlMkZ3d3cucG9ydG90aGVtZS5jb20lMkZ3b3JkcHJlc3MlMkZwb3J0byUyRndwLWNvbnRlbnQlMkZ1cGxvYWRzJTJGaW1hZ2VzJTJGc2xpZGUtY29uc3RydWN0aW9uLXNtYWxsLTEuanBnJTJDaHR0cHMlM0ElMkYlMkZ3d3cucG9ydG90aGVtZS5jb20lMkZ3b3JkcHJlc3MlMkZwb3J0byUyRndwLWNvbnRlbnQlMkZ1cGxvYWRzJTJGaW1hZ2VzJTJGc2xpZGUtY29uc3RydWN0aW9uLXNtYWxsLTIuanBnJTJDaHR0cHMlM0ElMkYlMkZ3d3cucG9ydG90aGVtZS5jb20lMkZ3b3JkcHJlc3MlMkZwb3J0byUyRndwLWNvbnRlbnQlMkZ1cGxvYWRzJTJGaW1hZ2VzJTJGc2xpZGUtY29uc3RydWN0aW9uLXNtYWxsLTMuanBnJTJDaHR0cHMlM0ElMkYlMkZ3d3cucG9ydG90aGVtZS5jb20lMkZ3b3JkcHJlc3MlMkZwb3J0byUyRndwLWNvbnRlbnQlMkZ1cGxvYWRzJTJGaW1hZ2VzJTJGc2xpZGUtY29uc3RydWN0aW9uLXNtYWxsLTQuanBn&#8221; el_class=&#8221;nav-right mb-1&#8243;][vc_custom_heading text=&#8221;HAKKIMIZDA&#8221; use_theme_fonts=&#8221;yes&#8221; el_class=&#8221;m-b-md&#8221;][vc_column_text]Y\u00f6netim dan\u0131\u015fmanl\u0131\u011f\u0131, in\u015faat sekt\u00f6r\u00fcnde ya\u015fanabilir mekanlar ba\u011flam\u0131nda giderek \u00f6nem kazanmaktad\u0131r. YN PROJE YAPI A.\u015e. de yat\u0131r\u0131m alan\u0131nda hem proje geli\u015ftirme hem de y\u00f6netim ve teknik m\u00fc\u015favirlik yapmak \u00fczere faaliyet g\u00f6steren bir firmad\u0131r. \u201cYN PROJE YAPI A.\u015e. h\u0131zla de\u011fi\u015fen mekan ve insan [&hellip;]<\/p>\n","protected":false},"author":1,"featured_media":0,"parent":0,"menu_order":0,"comment_status":"closed","ping_status":"closed","template":"","meta":{"footnotes":""},"class_list":["post-24","page","type-page","status-publish","hentry"],"_links":{"self":[{"href":"https:\/\/yn.com.tr\/index.php\/wp-json\/wp\/v2\/pages\/24","targetHints":{"allow":["GET"]}}],"collection":[{"href":"https:\/\/yn.com.tr\/index.php\/wp-json\/wp\/v2\/pages"}],"about":[{"href":"https:\/\/yn.com.tr\/index.php\/wp-json\/wp\/v2\/types\/page"}],"author":[{"embeddable":true,"href":"https:\/\/yn.com.tr\/index.php\/wp-json\/wp\/v2\/users\/1"}],"replies":[{"embeddable":true,"href":"https:\/\/yn.com.tr\/index.php\/wp-json\/wp\/v2\/comments?post=24"}],"version-history":[{"count":9,"href":"https:\/\/yn.com.tr\/index.php\/wp-json\/wp\/v2\/pages\/24\/revisions"}],"predecessor-version":[{"id":321,"href":"https:\/\/yn.com.tr\/index.php\/wp-json\/wp\/v2\/pages\/24\/revisions\/321"}],"wp:attachment":[{"href":"https:\/\/yn.com.tr\/index.php\/wp-json\/wp\/v2\/media?parent=24"}],"curies":[{"name":"wp","href":"https:\/\/api.w.org\/{rel}","templated":true}]}}